{"id":429,"date":"2018-07-17T11:51:16","date_gmt":"2018-07-17T11:51:16","guid":{"rendered":"http:\/\/www.reencontro.pt\/?page_id=429"},"modified":"2018-07-17T11:55:10","modified_gmt":"2018-07-17T11:55:10","slug":"vinho-solidario","status":"publish","type":"page","link":"https:\/\/www.reencontro.pt\/index.php\/vinho-solidario\/","title":{"rendered":"Vinho Solid\u00e1rio"},"content":{"rendered":"<div id=\"pl-429\"  class=\"panel-layout\" ><div id=\"pg-429-0\"  class=\"panel-grid panel-has-style\" ><div style=\"padding: 100px 0; \" data-overlay=\"true\" data-overlay-color=\"#000000\" class=\"panel-row-style panel-row-style-for-429-0\" ><div id=\"pgc-429-0-0\"  class=\"panel-grid-cell\" ><div id=\"panel-429-0-0-0\" class=\"so-panel widget widget_sow-editor panel-first-child panel-last-child\" data-index=\"0\" ><div style=\"text-align: left;\" data-title-color=\"#443f3f\" data-headings-color=\"#443f3f\" class=\"panel-widget-style panel-widget-style-for-429-0-0-0\" ><div\n\t\t\t\n\t\t\tclass=\"so-widget-sow-editor so-widget-sow-editor-base\"\n\t\t\t\n\t\t>\n<div class=\"siteorigin-widget-tinymce textwidget\">\n\t<p>O vinho \u201cReencontro Solid\u00e1rio\u201d resultou na uni\u00e3o de 35 produtores da Regi\u00e3o Demarcada do D\u00e3o que pela primeira vez, de uma forma altru\u00edsta e simb\u00f3lica quiseram dar o seu apoio ao projeto de acolhimento.<br \/>\nA venda do vinho reverter\u00e1 integralmente para a reabilita\u00e7\u00e3o de uma antiga Escola Prim\u00e1ria numa Resid\u00eancia de Acolhimento para 24 crian\u00e7as e jovens v\u00edtimas de maus tratos e neglig\u00eancia.<br \/>\nContamos consigo para apoiar esta causa t\u00e3o nobre atrav\u00e9s da aquisi\u00e7\u00e3o deste vinho com pre\u00e7o de venda de 5\u20ac (ser\u00e1 emitido recibo).<\/p>\n<p>Produtores que se associaram ao projeto por ordem alfab\u00e9tica: Adega Cooperativa de Mangualde, Adega Cooperativa de Silgueiros, Adega Cooperativa de Vila Nova de Tazem, Adega da Corga, Caminhos Cruzados, Casa de Cello, Casa da \u00cdnsua, Fidalgas de Santar, Fonte de Gon\u00e7alvinho, Kelman, Monte Alj\u00e3o, Quinta da Bica, Quinta do Carvalh\u00e3o Torto, Quinta do Escudial, Quinta da Espinhosa, Quinta da Fata, Quinta dos Garnachos, Quinta da Ladeira da Santa, Quinta do Margarido, Quinta das Marias, Quinta das Marias, Quinta MendesPereira, Quinta do Mondego, Quinta dos Monteirinhos, Quinta da Nespereira, Quinta da Pellada \/ Saes, Quinta da Ponte de Pedrinha, Quinta dos Roques \/ Maias, Quinta de Sirlyn, Quinta da Tapada do Barro, Quinta dos Tr\u00eas Maninhos, SeaCampo, Sogrape, Udaca Vinha Paz e Vin\u00edcola de Nelas.<\/p>\n<\/div>\n<\/div><\/div><\/div><\/div><div id=\"pgc-429-0-1\"  class=\"panel-grid-cell\" ><div id=\"panel-429-0-1-0\" class=\"so-panel widget widget_sow-image panel-first-child panel-last-child\" data-index=\"1\" ><div style=\"text-align: left;\" data-title-color=\"#443f3f\" data-headings-color=\"#443f3f\" class=\"panel-widget-style panel-widget-style-for-429-0-1-0\" ><div\n\t\t\t\n\t\t\tclass=\"so-widget-sow-image so-widget-sow-image-default-8b5b6f678277-429\"\n\t\t\t\n\t\t>\n\n<div class=\"sow-image-container\">\n\t\t<img loading=\"lazy\" decoding=\"async\" src=\"https:\/\/www.reencontro.pt\/wp-content\/uploads\/2018\/07\/sejasolidario.png\" width=\"567\" height=\"425\" srcset=\"https:\/\/www.reencontro.pt\/wp-content\/uploads\/2018\/07\/sejasolidario.png 567w, https:\/\/www.reencontro.pt\/wp-content\/uploads\/2018\/07\/sejasolidario-300x225.png 300w, https:\/\/www.reencontro.pt\/wp-content\/uploads\/2018\/07\/sejasolidario-230x172.png 230w, https:\/\/www.reencontro.pt\/wp-content\/uploads\/2018\/07\/sejasolidario-350x262.png 350w, https:\/\/www.reencontro.pt\/wp-content\/uploads\/2018\/07\/sejasolidario-480x360.png 480w\" sizes=\"(max-width: 567px) 100vw, 567px\" alt=\"\" \t\tclass=\"so-widget-image\"\/>\n\t<\/div>\n\n<\/div><\/div><\/div><\/div><\/div><\/div><\/div>","protected":false},"excerpt":{"rendered":"<p>O vinho \u201cReencontro Solid\u00e1rio\u201d resultou na uni\u00e3o de 35 produtores da Regi\u00e3o Demarcada do D\u00e3o que pela primeira vez, de uma forma altru\u00edsta e simb\u00f3lica quiseram dar o seu apoio ao projeto de acolhimento. A venda do vinho reverter\u00e1 integralmente para a reabilita\u00e7\u00e3o de uma antiga Escola Prim\u00e1ria numa Resid\u00eancia de Acolhimento para 24 crian\u00e7as [&hellip;]<\/p>\n","protected":false},"author":4,"featured_media":0,"parent":0,"menu_order":0,"comment_status":"closed","ping_status":"closed","template":"page-templates\/page_front-page.php","meta":{"footnotes":""},"yoast_head":"<!-- This site is optimized with the Yoast SEO plugin v23.0 - https:\/\/yoast.com\/wordpress\/plugins\/seo\/ -->\n<title>Vinho Solid\u00e1rio - Reencontro<\/title>\n<meta name=\"robots\" content=\"index, follow, max-snippet:-1, max-image-preview:large, max-video-preview:-1\" \/>\n<link rel=\"canonical\" href=\"https:\/\/www.reencontro.pt\/index.php\/vinho-solidario\/\" \/>\n<meta property=\"og:locale\" content=\"pt_PT\" \/>\n<meta property=\"og:type\" content=\"article\" \/>\n<meta property=\"og:title\" content=\"Vinho Solid\u00e1rio - Reencontro\" \/>\n<meta property=\"og:description\" content=\"O vinho \u201cReencontro Solid\u00e1rio\u201d resultou na uni\u00e3o de 35 produtores da Regi\u00e3o Demarcada do D\u00e3o que pela primeira vez, de uma forma altru\u00edsta e simb\u00f3lica quiseram dar o seu apoio ao projeto de acolhimento. A venda do vinho reverter\u00e1 integralmente para a reabilita\u00e7\u00e3o de uma antiga Escola Prim\u00e1ria numa Resid\u00eancia de Acolhimento para 24 crian\u00e7as [&hellip;]\" \/>\n<meta property=\"og:url\" content=\"https:\/\/www.reencontro.pt\/index.php\/vinho-solidario\/\" \/>\n<meta property=\"og:site_name\" content=\"Reencontro\" \/>\n<meta property=\"article:publisher\" content=\"https:\/\/www.facebook.com\/Reencontro-1465154387051680\/\" \/>\n<meta property=\"article:modified_time\" content=\"2018-07-17T11:55:10+00:00\" \/>\n<meta name=\"twitter:card\" content=\"summary_large_image\" \/>\n<meta name=\"twitter:label1\" content=\"Tempo estimado de leitura\" \/>\n\t<meta name=\"twitter:data1\" content=\"1 minuto\" \/>\n<script type=\"application\/ld+json\" class=\"yoast-schema-graph\">{\"@context\":\"https:\/\/schema.org\",\"@graph\":[{\"@type\":\"WebPage\",\"@id\":\"https:\/\/www.reencontro.pt\/index.php\/vinho-solidario\/\",\"url\":\"https:\/\/www.reencontro.pt\/index.php\/vinho-solidario\/\",\"name\":\"Vinho Solid\u00e1rio - Reencontro\",\"isPartOf\":{\"@id\":\"https:\/\/www.reencontro.pt\/#website\"},\"datePublished\":\"2018-07-17T11:51:16+00:00\",\"dateModified\":\"2018-07-17T11:55:10+00:00\",\"breadcrumb\":{\"@id\":\"https:\/\/www.reencontro.pt\/index.php\/vinho-solidario\/#breadcrumb\"},\"inLanguage\":\"pt-PT\",\"potentialAction\":[{\"@type\":\"ReadAction\",\"target\":[\"https:\/\/www.reencontro.pt\/index.php\/vinho-solidario\/\"]}]},{\"@type\":\"BreadcrumbList\",\"@id\":\"https:\/\/www.reencontro.pt\/index.php\/vinho-solidario\/#breadcrumb\",\"itemListElement\":[{\"@type\":\"ListItem\",\"position\":1,\"name\":\"Home\",\"item\":\"https:\/\/www.reencontro.pt\/\"},{\"@type\":\"ListItem\",\"position\":2,\"name\":\"Vinho Solid\u00e1rio\"}]},{\"@type\":\"WebSite\",\"@id\":\"https:\/\/www.reencontro.pt\/#website\",\"url\":\"https:\/\/www.reencontro.pt\/\",\"name\":\"Reencontro\",\"description\":\"Associa\u00e7\u00e3o\",\"publisher\":{\"@id\":\"https:\/\/www.reencontro.pt\/#organization\"},\"potentialAction\":[{\"@type\":\"SearchAction\",\"target\":{\"@type\":\"EntryPoint\",\"urlTemplate\":\"https:\/\/www.reencontro.pt\/?s={search_term_string}\"},\"query-input\":\"required name=search_term_string\"}],\"inLanguage\":\"pt-PT\"},{\"@type\":\"Organization\",\"@id\":\"https:\/\/www.reencontro.pt\/#organization\",\"name\":\"Associa\u00e7\u00e3o Reencontro\",\"url\":\"https:\/\/www.reencontro.pt\/\",\"logo\":{\"@type\":\"ImageObject\",\"inLanguage\":\"pt-PT\",\"@id\":\"https:\/\/www.reencontro.pt\/#\/schema\/logo\/image\/\",\"url\":\"https:\/\/www.reencontro.pt\/wp-content\/uploads\/2018\/07\/logo11.png\",\"contentUrl\":\"https:\/\/www.reencontro.pt\/wp-content\/uploads\/2018\/07\/logo11.png\",\"width\":443,\"height\":174,\"caption\":\"Associa\u00e7\u00e3o Reencontro\"},\"image\":{\"@id\":\"https:\/\/www.reencontro.pt\/#\/schema\/logo\/image\/\"},\"sameAs\":[\"https:\/\/www.facebook.com\/Reencontro-1465154387051680\/\"]}]}<\/script>\n<!-- \/ Yoast SEO plugin. -->","yoast_head_json":{"title":"Vinho Solid\u00e1rio - Reencontro","robots":{"index":"index","follow":"follow","max-snippet":"max-snippet:-1","max-image-preview":"max-image-preview:large","max-video-preview":"max-video-preview:-1"},"canonical":"https:\/\/www.reencontro.pt\/index.php\/vinho-solidario\/","og_locale":"pt_PT","og_type":"article","og_title":"Vinho Solid\u00e1rio - Reencontro","og_description":"O vinho \u201cReencontro Solid\u00e1rio\u201d resultou na uni\u00e3o de 35 produtores da Regi\u00e3o Demarcada do D\u00e3o que pela primeira vez, de uma forma altru\u00edsta e simb\u00f3lica quiseram dar o seu apoio ao projeto de acolhimento. A venda do vinho reverter\u00e1 integralmente para a reabilita\u00e7\u00e3o de uma antiga Escola Prim\u00e1ria numa Resid\u00eancia de Acolhimento para 24 crian\u00e7as [&hellip;]","og_url":"https:\/\/www.reencontro.pt\/index.php\/vinho-solidario\/","og_site_name":"Reencontro","article_publisher":"https:\/\/www.facebook.com\/Reencontro-1465154387051680\/","article_modified_time":"2018-07-17T11:55:10+00:00","twitter_card":"summary_large_image","twitter_misc":{"Tempo estimado de leitura":"1 minuto"},"schema":{"@context":"https:\/\/schema.org","@graph":[{"@type":"WebPage","@id":"https:\/\/www.reencontro.pt\/index.php\/vinho-solidario\/","url":"https:\/\/www.reencontro.pt\/index.php\/vinho-solidario\/","name":"Vinho Solid\u00e1rio - Reencontro","isPartOf":{"@id":"https:\/\/www.reencontro.pt\/#website"},"datePublished":"2018-07-17T11:51:16+00:00","dateModified":"2018-07-17T11:55:10+00:00","breadcrumb":{"@id":"https:\/\/www.reencontro.pt\/index.php\/vinho-solidario\/#breadcrumb"},"inLanguage":"pt-PT","potentialAction":[{"@type":"ReadAction","target":["https:\/\/www.reencontro.pt\/index.php\/vinho-solidario\/"]}]},{"@type":"BreadcrumbList","@id":"https:\/\/www.reencontro.pt\/index.php\/vinho-solidario\/#breadcrumb","itemListElement":[{"@type":"ListItem","position":1,"name":"Home","item":"https:\/\/www.reencontro.pt\/"},{"@type":"ListItem","position":2,"name":"Vinho Solid\u00e1rio"}]},{"@type":"WebSite","@id":"https:\/\/www.reencontro.pt\/#website","url":"https:\/\/www.reencontro.pt\/","name":"Reencontro","description":"Associa\u00e7\u00e3o","publisher":{"@id":"https:\/\/www.reencontro.pt\/#organization"},"potentialAction":[{"@type":"SearchAction","target":{"@type":"EntryPoint","urlTemplate":"https:\/\/www.reencontro.pt\/?s={search_term_string}"},"query-input":"required name=search_term_string"}],"inLanguage":"pt-PT"},{"@type":"Organization","@id":"https:\/\/www.reencontro.pt\/#organization","name":"Associa\u00e7\u00e3o Reencontro","url":"https:\/\/www.reencontro.pt\/","logo":{"@type":"ImageObject","inLanguage":"pt-PT","@id":"https:\/\/www.reencontro.pt\/#\/schema\/logo\/image\/","url":"https:\/\/www.reencontro.pt\/wp-content\/uploads\/2018\/07\/logo11.png","contentUrl":"https:\/\/www.reencontro.pt\/wp-content\/uploads\/2018\/07\/logo11.png","width":443,"height":174,"caption":"Associa\u00e7\u00e3o Reencontro"},"image":{"@id":"https:\/\/www.reencontro.pt\/#\/schema\/logo\/image\/"},"sameAs":["https:\/\/www.facebook.com\/Reencontro-1465154387051680\/"]}]}},"_links":{"self":[{"href":"https:\/\/www.reencontro.pt\/index.php\/wp-json\/wp\/v2\/pages\/429"}],"collection":[{"href":"https:\/\/www.reencontro.pt\/index.php\/wp-json\/wp\/v2\/pages"}],"about":[{"href":"https:\/\/www.reencontro.pt\/index.php\/wp-json\/wp\/v2\/types\/page"}],"author":[{"embeddable":true,"href":"https:\/\/www.reencontro.pt\/index.php\/wp-json\/wp\/v2\/users\/4"}],"replies":[{"embeddable":true,"href":"https:\/\/www.reencontro.pt\/index.php\/wp-json\/wp\/v2\/comments?post=429"}],"version-history":[{"count":2,"href":"https:\/\/www.reencontro.pt\/index.php\/wp-json\/wp\/v2\/pages\/429\/revisions"}],"predecessor-version":[{"id":431,"href":"https:\/\/www.reencontro.pt\/index.php\/wp-json\/wp\/v2\/pages\/429\/revisions\/431"}],"wp:attachment":[{"href":"https:\/\/www.reencontro.pt\/index.php\/wp-json\/wp\/v2\/media?parent=429"}],"curies":[{"name":"wp","href":"https:\/\/api.w.org\/{rel}","templated":true}]}}